{"id":7929,"date":"2024-02-01T11:17:08","date_gmt":"2024-02-01T10:17:08","guid":{"rendered":"https:\/\/fortalezadeocastro.vigo.org\/documentacion-es\/"},"modified":"2024-07-17T06:34:50","modified_gmt":"2024-07-17T04:34:50","slug":"documentacion-es","status":"publish","type":"page","link":"https:\/\/fortalezadeocastro.vigo.org\/es\/documentacion-es\/","title":{"rendered":"Documentaci\u00f3n"},"content":{"rendered":"\t\t<div data-elementor-type=\"wp-page\" data-elementor-id=\"7929\" class=\"elementor elementor-7929 elementor-7112\">\n\t\t\t\t\t\t<section class=\"elementor-section elementor-top-section elementor-element elementor-element-9b903ca elementor-section-height-min-height elementor-section-stretched elementor-section-boxed elementor-section-height-default elementor-section-items-middle\" data-id=\"9b903ca\" data-element_type=\"section\" data-e-type=\"section\" data-settings=\"{&quot;stretch_section&quot;:&quot;section-stretched&quot;,&quot;background_background&quot;:&quot;classic&quot;}\">\n\t\t\t\t\t\t\t<div class=\"elementor-background-overlay\"><\/div>\n\t\t\t\t\t\t\t<div class=\"elementor-container elementor-column-gap-no\">\n\t\t\t\t\t<div class=\"elementor-column elementor-col-100 elementor-top-column elementor-element elementor-element-4f0033e\" data-id=\"4f0033e\" data-element_type=\"column\" data-e-type=\"column\">\n\t\t\t<div class=\"elementor-widget-wrap elementor-element-populated\">\n\t\t\t\t\t\t<div class=\"elementor-element elementor-element-7ecfaf1 elementor-widget elementor-widget-loquet-collection-search-widget\" data-id=\"7ecfaf1\" data-element_type=\"widget\" data-e-type=\"widget\" data-widget_type=\"loquet-collection-search-widget.default\">\n\t\t\t\t<div class=\"elementor-widget-container\">\n\t\t\t\t\t<form role=\"search\" method=\"get\" action=\"https:\/\/fortalezadeocastro.vigo.org\/es\/\"><div class=\"gt-post-search-box gt-style-2 gt-light\"><div class=\"gt-inner\"><div class=\"gt-grid gt-grid-5 gt-spacing-0 gt-grid-space-between\"><div class=\"gt-grid-col\"><div class=\"gt-search-wrapper\"><input type=\"text\" value=\"\" placeholder=\"Introduzca una palabra clave\" autocomplete=\"off\" name=\"s\" \/><\/div><\/div><div class=\"gt-grid-col\"><select name=\"collection-category\" autocomplete=\"off\" class=\"gt-select gt-light\" placeholder=\"Categor\u00eda\"><option value=\"\">Categor\u00eda<\/option><option value=\"videos\">Videos<\/option><option value=\"publicacions\">Publicaci\u00f3ns<\/option><option value=\"planos\">Planos<\/option><option value=\"imaxes\">Imaxes<\/option><option value=\"debuxos\">Debuxos<\/option><option value=\"bibliografia\">Bibliograf\u00eda<\/option><\/select><\/div><div class=\"gt-grid-col\"><select name=\"collection-curator\" autocomplete=\"off\" class=\"gt-select gt-light\" placeholder=\"Comisario\"><option value=\"\">Comisario<\/option><option value=\"universidad-nacional-de-educacion-a-distancia-uned\">Univ. Nacional de Educaci\u00f3n a Distancia<\/option><option value=\"universidade-de-porto\">Univ. de Porto<\/option><option value=\"the-national-library-of-finland\">The National Library of Finland<\/option><option value=\"museo-do-luvre\">Museo do Luvre<\/option><option value=\"museo-de-pontevedra\">Museo de Pontevedra<\/option><option value=\"ministerio-de-defensa\">Ministerio de Defensa<\/option><option value=\"internet\">Internet<\/option><option value=\"instituto-geografico-nacional\">Instituto Geogr\u00e1fico Nacional<\/option><option value=\"direccion-general-de-patrimonio-historico\">Dir. Gral. de Patrimonio Hist\u00f3rico<\/option><option value=\"concello-de-vigo\">Concello de Vigo<\/option><option value=\"bilblioteca-nacional-de-espana\">Bilblioteca Nacional de Espa\u00f1a<\/option><option value=\"arquivo-pacheco\">Arq. Pacheco<\/option><option value=\"archivo-general-militar-de-madrid\">Arch. General Militar de Madrid<\/option><option value=\"archivo-general-de-simancas\">Arch. General de Simancas<\/option><\/select><\/div><div class=\"gt-grid-col\"><select name=\"collection-tag\" autocomplete=\"off\" class=\"gt-select gt-light\" placeholder=\"Etiquetas\"><option value=\"\">Etiquetas<\/option><option value=\"xxi\">XXI<\/option><option value=\"xx\">XX<\/option><option value=\"xviii\">XVIII<\/option><option value=\"xvii\">XVII<\/option><option value=\"xvi\">XVI<\/option><option value=\"xv\">XV<\/option><option value=\"xix\">XIX<\/option><option value=\"xiv\">XIV<\/option><option value=\"xiii\">XIII<\/option><option value=\"a-c\">A.C.<\/option><\/select><\/div><div class=\"gt-grid-col\"><button type=\"submit\" class=\"gt-style-1 gt-full-width\"><span>Buscar<\/span><\/button><\/div><\/div><\/div><\/div><input type=\"hidden\" name=\"post_type\" value=\"collection\" \/><\/form>\t\t\t\t<\/div>\n\t\t\t\t<\/div>\n\t\t\t\t\t<\/div>\n\t\t<\/div>\n\t\t\t\t\t<\/div>\n\t\t<\/section>\n\t\t\t\t<section class=\"elementor-section elementor-top-section elementor-element elementor-element-30b2bb0 elementor-section-boxed elementor-section-height-default elementor-section-height-default\" data-id=\"30b2bb0\" data-element_type=\"section\" data-e-type=\"section\">\n\t\t\t\t\t\t<div class=\"elementor-container elementor-column-gap-no\">\n\t\t\t\t\t<div class=\"elementor-column elementor-col-100 elementor-top-column elementor-element elementor-element-ef09fde\" data-id=\"ef09fde\" data-element_type=\"column\" data-e-type=\"column\">\n\t\t\t<div class=\"elementor-widget-wrap elementor-element-populated\">\n\t\t\t\t\t\t<div class=\"elementor-element elementor-element-40047c2 elementor-widget elementor-widget-loquet-collections-widget\" data-id=\"40047c2\" data-element_type=\"widget\" data-e-type=\"widget\" data-widget_type=\"loquet-collections-widget.default\">\n\t\t\t\t<div class=\"elementor-widget-container\">\n\t\t\t\t\t<div class=\"gt-collections-listing gt-style-1 gt-light gt-align-center\"><div class=\"gt-grid gt-grid-3 gt-spacing-20\"><div class=\"gt-grid-col\"><div class=\"gt-item\"><div class=\"gt-image\"><a href=\"https:\/\/fortalezadeocastro.vigo.org\/es\/collection\/emporium-1000-anos-de-comercio-en-vigo\/\"><img fetchpriority=\"high\" decoding=\"async\" width=\"500\" height=\"500\" src=\"https:\/\/fortalezadeocastro.vigo.org\/wp-content\/uploads\/2024\/09\/Emporium-500x500.png\" class=\"attachment-loquet-thumbnail-4 size-loquet-thumbnail-4 wp-post-image\" alt=\"\" srcset=\"https:\/\/fortalezadeocastro.vigo.org\/wp-content\/uploads\/2024\/09\/Emporium-500x500.png 500w, https:\/\/fortalezadeocastro.vigo.org\/wp-content\/uploads\/2024\/09\/Emporium-150x150.png 150w, https:\/\/fortalezadeocastro.vigo.org\/wp-content\/uploads\/2024\/09\/Emporium-100x100.png 100w, https:\/\/fortalezadeocastro.vigo.org\/wp-content\/uploads\/2024\/09\/Emporium-350x350.png 350w, https:\/\/fortalezadeocastro.vigo.org\/wp-content\/uploads\/2024\/09\/Emporium-650x650.png 650w\" sizes=\"(max-width: 500px) 100vw, 500px\" \/><\/a><\/div><div class=\"gt-content\"><div class=\"gt-category\"><ul><li><a href=\"https:\/\/fortalezadeocastro.vigo.org\/es\/collection-category\/publicacions\/?post_type=collection\">Publicaci\u00f3ns<\/a><\/li><\/ul><\/div><div class=\"gt-title\"><a href=\"https:\/\/fortalezadeocastro.vigo.org\/es\/collection\/emporium-1000-anos-de-comercio-en-vigo\/\">Emporium, 1000 anos de comercio en Vigo<\/a><\/div><\/div><\/div><\/div><div class=\"gt-grid-col\"><div class=\"gt-item\"><div class=\"gt-content\"><div class=\"gt-category\"><ul><li><a href=\"https:\/\/fortalezadeocastro.vigo.org\/es\/collection-category\/bibliografia\/?post_type=collection\">Bibliograf\u00eda<\/a><\/li><\/ul><\/div><div class=\"gt-title\"><a href=\"https:\/\/fortalezadeocastro.vigo.org\/es\/collection\/bibliografia-fortificaciones-edad-moderna\/\">Bibliograf\u00eda Fortificaciones Edad Moderna<\/a><\/div><\/div><\/div><\/div><div class=\"gt-grid-col\"><div class=\"gt-item\"><div class=\"gt-content\"><div class=\"gt-category\"><ul><li><a href=\"https:\/\/fortalezadeocastro.vigo.org\/es\/collection-category\/bibliografia\/?post_type=collection\">Bibliograf\u00eda<\/a><\/li><\/ul><\/div><div class=\"gt-title\"><a href=\"https:\/\/fortalezadeocastro.vigo.org\/es\/collection\/bibliografia-xeral\/\">Bibliograf\u00eda xeral<\/a><\/div><\/div><\/div><\/div><div class=\"gt-grid-col\"><div class=\"gt-item\"><div class=\"gt-image\"><a href=\"https:\/\/fortalezadeocastro.vigo.org\/es\/collection\/vista-de-vigo\/\"><img decoding=\"async\" width=\"500\" height=\"500\" src=\"https:\/\/fortalezadeocastro.vigo.org\/wp-content\/uploads\/2024\/06\/05_Gil-Rey-R-1022-500x500.jpg\" class=\"attachment-loquet-thumbnail-4 size-loquet-thumbnail-4 wp-post-image\" alt=\"Vista de Vigo. Debuxo de Ram\u00f3n Gil Rey, ca. 1842. Museo de Pontevedra.\" srcset=\"https:\/\/fortalezadeocastro.vigo.org\/wp-content\/uploads\/2024\/06\/05_Gil-Rey-R-1022-500x500.jpg 500w, https:\/\/fortalezadeocastro.vigo.org\/wp-content\/uploads\/2024\/06\/05_Gil-Rey-R-1022-150x150.jpg 150w, https:\/\/fortalezadeocastro.vigo.org\/wp-content\/uploads\/2024\/06\/05_Gil-Rey-R-1022-100x100.jpg 100w, https:\/\/fortalezadeocastro.vigo.org\/wp-content\/uploads\/2024\/06\/05_Gil-Rey-R-1022-350x350.jpg 350w, https:\/\/fortalezadeocastro.vigo.org\/wp-content\/uploads\/2024\/06\/05_Gil-Rey-R-1022-650x650.jpg 650w, https:\/\/fortalezadeocastro.vigo.org\/wp-content\/uploads\/2024\/06\/05_Gil-Rey-R-1022-300x300.jpg 300w\" sizes=\"(max-width: 500px) 100vw, 500px\" \/><\/a><\/div><div class=\"gt-content\"><div class=\"gt-category\"><ul><li><a href=\"https:\/\/fortalezadeocastro.vigo.org\/collection-category\/debuxos\/?post_type=collection\">Debuxos<\/a><\/li><\/ul><\/div><div class=\"gt-title\"><a href=\"https:\/\/fortalezadeocastro.vigo.org\/es\/collection\/vista-de-vigo\/\">Vista de Vigo.<\/a><\/div><\/div><\/div><\/div><div class=\"gt-grid-col\"><div class=\"gt-item\"><div class=\"gt-image\"><a href=\"https:\/\/fortalezadeocastro.vigo.org\/es\/collection\/planta-e-perspectiva-da-villa-e-fortificacion-de-vigo\/\"><img decoding=\"async\" width=\"500\" height=\"500\" src=\"https:\/\/fortalezadeocastro.vigo.org\/wp-content\/uploads\/2022\/12\/10_2_apa-6-16-500x500.jpg\" class=\"attachment-loquet-thumbnail-4 size-loquet-thumbnail-4 wp-post-image\" alt=\"Planta e perspectiva da \u201cVilla e fortificaci\u00f3n de Vigo\u201d do enxe\u00f1eiro Jos\u00e9 Aparici. 11 de agosto de 1842. \u00c9 copia do orixinal de 1667.\" srcset=\"https:\/\/fortalezadeocastro.vigo.org\/wp-content\/uploads\/2022\/12\/10_2_apa-6-16-500x500.jpg 500w, https:\/\/fortalezadeocastro.vigo.org\/wp-content\/uploads\/2022\/12\/10_2_apa-6-16-150x150.jpg 150w, https:\/\/fortalezadeocastro.vigo.org\/wp-content\/uploads\/2022\/12\/10_2_apa-6-16-100x100.jpg 100w, https:\/\/fortalezadeocastro.vigo.org\/wp-content\/uploads\/2022\/12\/10_2_apa-6-16-350x350.jpg 350w, https:\/\/fortalezadeocastro.vigo.org\/wp-content\/uploads\/2022\/12\/10_2_apa-6-16-650x650.jpg 650w, https:\/\/fortalezadeocastro.vigo.org\/wp-content\/uploads\/2022\/12\/10_2_apa-6-16-300x300.jpg 300w\" sizes=\"(max-width: 500px) 100vw, 500px\" \/><\/a><\/div><div class=\"gt-content\"><div class=\"gt-category\"><ul><li><a href=\"https:\/\/fortalezadeocastro.vigo.org\/es\/collection-category\/planos\/?post_type=collection\">Planos<\/a><\/li><\/ul><\/div><div class=\"gt-title\"><a href=\"https:\/\/fortalezadeocastro.vigo.org\/es\/collection\/planta-e-perspectiva-da-villa-e-fortificacion-de-vigo\/\">Planta e perspectiva da \u201cVilla e fortificaci\u00f3n de Vigo\u201d<\/a><\/div><\/div><\/div><\/div><div class=\"gt-grid-col\"><div class=\"gt-item\"><div class=\"gt-image\"><a href=\"https:\/\/fortalezadeocastro.vigo.org\/es\/collection\/plano-da-praza-de-vigo-e-inmediacions-1965\/\"><img loading=\"lazy\" decoding=\"async\" width=\"500\" height=\"500\" src=\"https:\/\/fortalezadeocastro.vigo.org\/wp-content\/uploads\/2024\/06\/03_2_Plano-de-Vigo-500x500.jpg\" class=\"attachment-loquet-thumbnail-4 size-loquet-thumbnail-4 wp-post-image\" alt=\"Plano da Praza de Vigo e inmediaci\u00f3ns. 1965 Archivo General Militar de Madrid\" srcset=\"https:\/\/fortalezadeocastro.vigo.org\/wp-content\/uploads\/2024\/06\/03_2_Plano-de-Vigo-500x500.jpg 500w, https:\/\/fortalezadeocastro.vigo.org\/wp-content\/uploads\/2024\/06\/03_2_Plano-de-Vigo-150x150.jpg 150w, https:\/\/fortalezadeocastro.vigo.org\/wp-content\/uploads\/2024\/06\/03_2_Plano-de-Vigo-100x100.jpg 100w, https:\/\/fortalezadeocastro.vigo.org\/wp-content\/uploads\/2024\/06\/03_2_Plano-de-Vigo-350x350.jpg 350w, https:\/\/fortalezadeocastro.vigo.org\/wp-content\/uploads\/2024\/06\/03_2_Plano-de-Vigo-650x650.jpg 650w, https:\/\/fortalezadeocastro.vigo.org\/wp-content\/uploads\/2024\/06\/03_2_Plano-de-Vigo-300x300.jpg 300w\" sizes=\"(max-width: 500px) 100vw, 500px\" \/><\/a><\/div><div class=\"gt-content\"><div class=\"gt-title\"><a href=\"https:\/\/fortalezadeocastro.vigo.org\/es\/collection\/plano-da-praza-de-vigo-e-inmediacions-1965\/\">Plano da Praza de Vigo e inmediaci\u00f3ns 1965<\/a><\/div><\/div><\/div><\/div><div class=\"gt-grid-col\"><div class=\"gt-item\"><div class=\"gt-image\"><a href=\"https:\/\/fortalezadeocastro.vigo.org\/es\/collection\/plano-de-vigo-1856\/\"><img loading=\"lazy\" decoding=\"async\" width=\"500\" height=\"500\" src=\"https:\/\/fortalezadeocastro.vigo.org\/wp-content\/uploads\/2022\/12\/09_1_Plano-de-Vigo_1856-500x500.jpg\" class=\"attachment-loquet-thumbnail-4 size-loquet-thumbnail-4 wp-post-image\" alt=\"Plano de Vigo de Francisco Coello e Pascual Madoz coa muralla e fortalezas de O Castro e San Sebasti\u00e1n en 1856.\" srcset=\"https:\/\/fortalezadeocastro.vigo.org\/wp-content\/uploads\/2022\/12\/09_1_Plano-de-Vigo_1856-500x500.jpg 500w, https:\/\/fortalezadeocastro.vigo.org\/wp-content\/uploads\/2022\/12\/09_1_Plano-de-Vigo_1856-150x150.jpg 150w, https:\/\/fortalezadeocastro.vigo.org\/wp-content\/uploads\/2022\/12\/09_1_Plano-de-Vigo_1856-100x100.jpg 100w, https:\/\/fortalezadeocastro.vigo.org\/wp-content\/uploads\/2022\/12\/09_1_Plano-de-Vigo_1856-350x350.jpg 350w, https:\/\/fortalezadeocastro.vigo.org\/wp-content\/uploads\/2022\/12\/09_1_Plano-de-Vigo_1856-650x650.jpg 650w, https:\/\/fortalezadeocastro.vigo.org\/wp-content\/uploads\/2022\/12\/09_1_Plano-de-Vigo_1856-300x300.jpg 300w\" sizes=\"(max-width: 500px) 100vw, 500px\" \/><\/a><\/div><div class=\"gt-content\"><div class=\"gt-category\"><ul><li><a href=\"https:\/\/fortalezadeocastro.vigo.org\/es\/collection-category\/imaxes\/?post_type=collection\">Imaxes<\/a><\/li><\/ul><\/div><div class=\"gt-title\"><a href=\"https:\/\/fortalezadeocastro.vigo.org\/es\/collection\/plano-de-vigo-1856\/\">Plano de Vigo 1856.<\/a><\/div><\/div><\/div><\/div><div class=\"gt-grid-col\"><div class=\"gt-item\"><div class=\"gt-image\"><a href=\"https:\/\/fortalezadeocastro.vigo.org\/es\/collection\/antiga-bateria-de-a-laxe\/\"><img loading=\"lazy\" decoding=\"async\" width=\"500\" height=\"500\" src=\"https:\/\/fortalezadeocastro.vigo.org\/wp-content\/uploads\/2022\/12\/bateria-de-a-laxe-500x500.jpg\" class=\"attachment-loquet-thumbnail-4 size-loquet-thumbnail-4 wp-post-image\" alt=\"Bater\u00eda de la Laxe en 1880. Fotograf\u00eda Pacheco\" srcset=\"https:\/\/fortalezadeocastro.vigo.org\/wp-content\/uploads\/2022\/12\/bateria-de-a-laxe-500x500.jpg 500w, https:\/\/fortalezadeocastro.vigo.org\/wp-content\/uploads\/2022\/12\/bateria-de-a-laxe-150x150.jpg 150w, https:\/\/fortalezadeocastro.vigo.org\/wp-content\/uploads\/2022\/12\/bateria-de-a-laxe-100x100.jpg 100w, https:\/\/fortalezadeocastro.vigo.org\/wp-content\/uploads\/2022\/12\/bateria-de-a-laxe-350x350.jpg 350w, https:\/\/fortalezadeocastro.vigo.org\/wp-content\/uploads\/2022\/12\/bateria-de-a-laxe-650x650.jpg 650w, https:\/\/fortalezadeocastro.vigo.org\/wp-content\/uploads\/2022\/12\/bateria-de-a-laxe-300x300.jpg 300w\" sizes=\"(max-width: 500px) 100vw, 500px\" \/><\/a><\/div><div class=\"gt-content\"><div class=\"gt-category\"><ul><li><a href=\"https:\/\/fortalezadeocastro.vigo.org\/es\/collection-category\/imaxes\/?post_type=collection\">Imaxes<\/a><\/li><\/ul><\/div><div class=\"gt-title\"><a href=\"https:\/\/fortalezadeocastro.vigo.org\/es\/collection\/antiga-bateria-de-a-laxe\/\">Antiga bater\u00eda de A Laxe 1880<\/a><\/div><\/div><\/div><\/div><div class=\"gt-grid-col\"><div class=\"gt-item\"><div class=\"gt-image\"><a href=\"https:\/\/fortalezadeocastro.vigo.org\/es\/collection\/gravados-de-vigo-de-vicenzo-coronelli-1650-1718\/\"><img loading=\"lazy\" decoding=\"async\" width=\"500\" height=\"500\" src=\"https:\/\/fortalezadeocastro.vigo.org\/wp-content\/uploads\/2022\/11\/Coronelli_2022-08-23_060610_R-500x500.jpg\" class=\"attachment-loquet-thumbnail-4 size-loquet-thumbnail-4 wp-post-image\" alt=\"\" srcset=\"https:\/\/fortalezadeocastro.vigo.org\/wp-content\/uploads\/2022\/11\/Coronelli_2022-08-23_060610_R-500x500.jpg 500w, https:\/\/fortalezadeocastro.vigo.org\/wp-content\/uploads\/2022\/11\/Coronelli_2022-08-23_060610_R-150x150.jpg 150w, https:\/\/fortalezadeocastro.vigo.org\/wp-content\/uploads\/2022\/11\/Coronelli_2022-08-23_060610_R-100x100.jpg 100w, https:\/\/fortalezadeocastro.vigo.org\/wp-content\/uploads\/2022\/11\/Coronelli_2022-08-23_060610_R-350x350.jpg 350w, https:\/\/fortalezadeocastro.vigo.org\/wp-content\/uploads\/2022\/11\/Coronelli_2022-08-23_060610_R-650x650.jpg 650w, https:\/\/fortalezadeocastro.vigo.org\/wp-content\/uploads\/2022\/11\/Coronelli_2022-08-23_060610_R-300x300.jpg 300w\" sizes=\"(max-width: 500px) 100vw, 500px\" \/><\/a><\/div><div class=\"gt-content\"><div class=\"gt-category\"><ul><li><a href=\"https:\/\/fortalezadeocastro.vigo.org\/es\/collection-category\/planos\/?post_type=collection\">Planos<\/a><\/li><\/ul><\/div><div class=\"gt-title\"><a href=\"https:\/\/fortalezadeocastro.vigo.org\/es\/collection\/gravados-de-vigo-de-vicenzo-coronelli-1650-1718\/\">Gravados de Vigo de Vicenzo Coronelli (1650-1718)<\/a><\/div><\/div><\/div><\/div><\/div><div class=\"gt-pagination gt-style-1 gt-light gt-align-left\"><ul class='page-numbers'>\n\t<li><span aria-current=\"page\" class=\"page-numbers current\">1<\/span><\/li>\n\t<li><a class=\"page-numbers\" href=\"https:\/\/fortalezadeocastro.vigo.org\/es\/wp-json\/wp\/v2\/pages\/7929\/page\/2\/\">2<\/a><\/li>\n\t<li><a class=\"page-numbers\" href=\"https:\/\/fortalezadeocastro.vigo.org\/es\/wp-json\/wp\/v2\/pages\/7929\/page\/3\/\">3<\/a><\/li>\n\t<li><a class=\"page-numbers\" href=\"https:\/\/fortalezadeocastro.vigo.org\/es\/wp-json\/wp\/v2\/pages\/7929\/page\/4\/\">4<\/a><\/li>\n<\/ul>\n<\/div><\/div>\t\t\t\t<\/div>\n\t\t\t\t<\/div>\n\t\t\t\t\t<\/div>\n\t\t<\/div>\n\t\t\t\t\t<\/div>\n\t\t<\/section>\n\t\t\t\t<\/div>\n\t\t","protected":false},"excerpt":{"rendered":"<p>CategoryVideosPublicaci\u00f3nsPlanosDebuxosBibliograf\u00edaCuratorMuseo do LuvreDirecci\u00f3n General de Patrimonio Hist\u00f3rico.TagsXXIXXXVIIIXVIIXVIXVXIXXIVXIIIBusca Bibliograf\u00eda Centinelas de piedra. Fortificaciones en la Comunidad de MadridDebuxo<\/p>\n","protected":false},"author":1,"featured_media":0,"parent":0,"menu_order":0,"comment_status":"closed","ping_status":"closed","template":"","meta":{"footnotes":""},"class_list":["post-7929","page","type-page","status-publish","hentry"],"_links":{"self":[{"href":"https:\/\/fortalezadeocastro.vigo.org\/es\/wp-json\/wp\/v2\/pages\/7929","targetHints":{"allow":["GET"]}}],"collection":[{"href":"https:\/\/fortalezadeocastro.vigo.org\/es\/wp-json\/wp\/v2\/pages"}],"about":[{"href":"https:\/\/fortalezadeocastro.vigo.org\/es\/wp-json\/wp\/v2\/types\/page"}],"author":[{"embeddable":true,"href":"https:\/\/fortalezadeocastro.vigo.org\/es\/wp-json\/wp\/v2\/users\/1"}],"replies":[{"embeddable":true,"href":"https:\/\/fortalezadeocastro.vigo.org\/es\/wp-json\/wp\/v2\/comments?post=7929"}],"version-history":[{"count":0,"href":"https:\/\/fortalezadeocastro.vigo.org\/es\/wp-json\/wp\/v2\/pages\/7929\/revisions"}],"wp:attachment":[{"href":"https:\/\/fortalezadeocastro.vigo.org\/es\/wp-json\/wp\/v2\/media?parent=7929"}],"curies":[{"name":"wp","href":"https:\/\/api.w.org\/{rel}","templated":true}]}}