{"id":8249,"date":"2024-06-06T12:04:51","date_gmt":"2024-06-06T10:04:51","guid":{"rendered":"https:\/\/fortalezadeocastro.vigo.org\/?post_type=collection&#038;p=8249"},"modified":"2024-06-06T12:04:52","modified_gmt":"2024-06-06T10:04:52","slug":"bibliografia-fortificaciones-edad-moderna","status":"publish","type":"collection","link":"https:\/\/fortalezadeocastro.vigo.org\/es\/collection\/bibliografia-fortificaciones-edad-moderna\/","title":{"rendered":"Bibliograf\u00eda Fortificaciones Edad Moderna"},"content":{"rendered":"\n<p>Aguilera Rojas, J., Pastor Mu\u00f1oz, F. J., Mart\u00edn Alia, M\u00aa A. (Coord. Ed.) 2006.&nbsp;<em>Centinelas de piedra. Fortificaciones en la Comunidad de Madrid<\/em>. Madrid: Direcci\u00f3n General de Patrimonio Hist\u00f3rico.<\/p>\n\n\n\n<p>Antunes, J. M. 1996.&nbsp;<em>Obras militares do Alto Minho: A Costa Atl\u00e2ntica e a Raia ao servi\u00e7o das Guerras de Restaura\u00e7\u00e3o<\/em>. Disserta\u00e7\u00e3o de Mestrado em Arqueolog\u00eda apresentada na Facultade de Letras da Universidade de Porto. In\u00e9dita. Porto: Universidade de Porto.&nbsp;https:\/\/hdl.handle.net\/10216\/19464&nbsp;&nbsp;<\/p>\n\n\n\n<p>Benigno, F. 2000.&nbsp;<em>Espejos de la revoluci\u00f3n. Conflicto e identidad pol\u00edtica en la Europa moderna<\/em>. Barcelona: Cr\u00edtica.<\/p>\n\n\n\n<p>Bennassar, B. 1989.&nbsp;<em>La Europa del siglo XVII<\/em>. Madrid: Anaya.<\/p>\n\n\n\n<p>Blanco-Rotea, R. 2008.&nbsp;<em>El Castillo de la Palma (Mugardos, A Coru\u00f1a). Un enclave defensivo en la R\u00eda de Ferrol<\/em>.&nbsp;<em>TAPA<\/em>&nbsp;(Traballos de Arqueolox\u00eda e Patrimonio), 40. Santiago de Compostela: IEGPS, CSIC.<\/p>\n\n\n\n<p>Blanco-Rotea, R. 2009a.&nbsp;<em>Trabajos arqueol\u00f3gicos realizados en el transcurso de la redacci\u00f3n del Plan Director de las Fortalezas Transfronterizas del Tramo Bajo del R\u00edo Mi\u00f1o<\/em>.&nbsp;<em>CAPA<\/em>&nbsp;(Cadernos de Arqueolox\u00eda e Patrimonio) 22. Santiago de Compostela.<\/p>\n\n\n\n<p>Blanco-Rotea, R. 2009b. Fortificaciones de frontera y paisajes fortificados: Ver\u00edn, Monterrei y Chaves.&nbsp;<em>Revista Aquae Flaviae<\/em>, 41, pp. 449-466. Chaves.<\/p>\n\n\n\n<p>Blanco-Rotea, R. 2011a. Herramientas metodol\u00f3gicas aplicadas al estudio de un paisaje urbano fortificado: el caso de la villa de Ver\u00edn (Monterrei, Ourense). 179-97. En M\u00aa Domingo Fominaya y A. J. S\u00e1nchez Luengo (Dir. y Coord. Ed.) 2011.&nbsp;<em>Arqueolog\u00eda aplicada al estudio e interpretaci\u00f3n de edificios hist\u00f3ricos. \u00daltimas tendencias metodol\u00f3gicas<\/em>, 179-97. Madrid: Ministerio de Cultura.<\/p>\n\n\n\n<p>Blanco-Rotea, R. 2011b. Las fortificaciones de Goi\u00e1n-Vila Nova de Cerveira-Medos en el territorio fortificado transfronterizo galaico-portugu\u00e9s.&nbsp;<em>Revista Castillos de Espa\u00f1a<\/em>, n\u00ba 164-165-166, A\u00f1o LVIII, pp. 139-154. Madrid.<\/p>\n\n\n\n<p>Blanco-Rotea, R. 2015. Arquitectura y paisaje. Fortificaciones de frontera en el sur de Galicia y norte de Portugal. Tesis doctoral. Facultad de Letras. Universidad del Pa\u00eds Vasco. In\u00e9dita.&nbsp;<a href=\"https:\/\/digital.csic.es\/handle\/10261\/122137\">https:\/\/digital.csic.es\/handle\/10261\/122137<\/a>En breve se va a publicar en la UMinho, ya te aviso<\/p>\n\n\n\n<p>Blanco-Rotea, R. 2017. Arquitectura y paisaje. Aproximaciones desde la arqueolog\u00eda. Arqueolog\u00eda de la Arquitectura, 14: e051, doi:&nbsp;<a href=\"http:\/\/dx.doi.org\/10.3989\/arq.arqt.2017.007\">http:\/\/dx.doi.org\/10.3989\/arq.arqt.2017.007<\/a>.<\/p>\n\n\n\n<p>Blanco-Rotea, R. 2018. Paisajes urbanos modernos de la frontera galaico-portuguesa. La fortificaci\u00f3n de las villas y ciudades en el siglo XVII. Monogr\u00e1fico \u00abCidade (in)defesa\u00bb, Revista de Hist\u00f3ria da Arte, 13: 10-35.<\/p>\n\n\n\n<p>Blanco-Rotea, R. 2020. Paisajes arqueol\u00f3gicos y materialidades de una guerra de frontera entre Galicia y Portugal en el siglo XVII. En Carretero P\u00e9rez, A. y C. Pap\u00ed Rodes (Coord.). Actualidad de la investigaci\u00f3n arqueol\u00f3gica en Espa\u00f1a I (2018-2019). Conferencias impartidas en el Museo Arqueol\u00f3gico Nacional: 347-366. Ministerio de Cultura y Deporte. Madrid.<\/p>\n\n\n\n<p>Blanco-Rotea, R. 2021. As fortificaci\u00f3ns modernas do r\u00edo Mi\u00f1o. Reflexi\u00f3ns sobre diferentes estratexias para a s\u00faa posta en valor. En N\u00e1rdiz Ortiz, C. (Coord.), A posta en valor do patrimonio cultural dos r\u00edos: Galicia e outros exemplos. Santiago de Compostela: Consello da Cultura Galega.&nbsp;<\/p>\n\n\n\n<p>Blanco-Rotea, R., Crespo V\u00e1zquez, E., Garc\u00eda Rodr\u00edguez, S. 2003.&nbsp;<em>Fortalezas transfronterizas del tramo bajo del r\u00edo Mi\u00f1o: Arquitectura militar. Metodolog\u00eda y propuesta de actuaci\u00f3n desde la Arqueolog\u00eda del Paisaje y la Arqueolog\u00eda del Espacio Construido<\/em>.&nbsp;P\u00f3ster presentado en la&nbsp;<em>CSIC Thematic Network Cultural Heritage 2003. 4th National\/International Meeting<\/em>&nbsp;(December 1-3, Seville, Spain).&nbsp;Sevilla: CSIC.&nbsp;<a href=\"http:\/\/digital.csic.es\/handle\/10261\/54840\">http:\/\/digital.csic.es\/handle\/10261\/54840<\/a>.<\/p>\n\n\n\n<p>Blanco-Rotea, R. y Garc\u00eda Rodr\u00edguez, S. 2005. Paisaje arquitecturado y arquitectura en el paisaje: la fortificaci\u00f3n del territorio en \u00c9poca Moderna en el Baixo Mi\u00f1o.&nbsp;<em>Revista electr\u00f3nica ArqueoWeb<\/em>, 7 (2) (Sept. \/ Dic. 2005),&nbsp;<a href=\"http:\/\/www.ucm.es\/info\/arqueoweb\/\">http:\/\/www.ucm.es\/info\/arqueoweb\/<\/a><\/p>\n\n\n\n<p>Blanco-Rotea, R. &amp; Garc\u00eda Rodr\u00edguez, S. 2009.&nbsp;Interrelations between the Castle of La Palma and the Estuary of Ferrol (Galicia, Spain). The construction of a defensive landscape. En L\u00e9v\u00eaque, L., Ruiz del \u00c1rbol, M., Pop, L. (Eds.) 2009.&nbsp;<em>Heritage, Images, Memory of European Landscapes<\/em>.&nbsp;Pp. 177-87. Par\u00eds: Editions L\u2019Harmattan. ISBN: 978-2-296-10887-5.<\/p>\n\n\n\n<p>Blanco-Rotea, R., Garc\u00eda-Rodr\u00edguez, S., Rodr\u00edguez-Costas, A., Rodr\u00edguez Paz, A. 2008. An\u00e1lisis y recuperaci\u00f3n de un paisaje urbano fortificado en la villa de Ver\u00edn (Orense, Galicia). Pp. 223-42.&nbsp;<em>Revista Arqueolog\u00eda de la Arquitectura<\/em>, 5. Madrid\/Vitoria.<\/p>\n\n\n\n<p>Blanco-Rotea, R., J.M. Costa-Garc\u00eda, J.&nbsp;&nbsp;Fonte, M. Gago, J.A.&nbsp;&nbsp;Gon\u00e7alves. 2016. A Modern Age redoubt in a possible Roman camp. The relationship between two defensive models in Campos (Vila Nova de Cerveira, Minho Valley, Portugal). Journal of Archaeological Science: Reports, 10: 293-308.&nbsp;<a href=\"http:\/\/dx.doi.org\/10.1016\/j.jasrep.2016.10.008\">http:\/\/dx.doi.org\/10.1016\/j.jasrep.2016.10.008<\/a>&nbsp;&nbsp;&nbsp;<\/p>\n\n\n\n<p>Brand\u00e3o, G. L. Da S. 1994 (Ed. facs\u00edmil 1758).&nbsp;<em>Topographia da fronteyra, pra\u00e7as, e seus contornos, raya seca, costa, fortes da Prov\u00edncia de Entre Douro e Minho<\/em>. Porto: Biblioteca P\u00fablica Municipal de Porto.<\/p>\n\n\n\n<p>C\u00e1mara, A. (Coord.) 2005<em>. Los ingenieros militares de la monarqu\u00eda hisp\u00e1nica en los siglos XVII y XVIII<\/em>. Madrid: Ministerio de Defensa, Asociaci\u00f3n Espa\u00f1ola de Amigos de los Castillos, Centro de Estudios Europa Hisp\u00e1nica.<\/p>\n\n\n\n<p>Capel, H. 2005. Los ingenieros militares y el sistema de fortificaci\u00f3n en el siglo XVIII. En A. C\u00e1mara (Coord.) 2005.&nbsp;<em>Los ingenieros militares de la monarqu\u00eda hisp\u00e1nica en los siglos XVII y XVIII<\/em>. Pp. 231-67. Madrid: Ministerio de Defensa, Asociaci\u00f3n Espa\u00f1ola de Amigos de los Castillos, Centro de Estudios Europa Hisp\u00e1nica.<\/p>\n\n\n\n<p>Cardes\u00edn, J. M. 2005. Historia de dos ciudades. La Memoria de Ferrol, entre la Marina de Guerra y la Clase Trabajadora.&nbsp;http:\/\/journals.cambridge.org\/full-text_content\/supplementary\/UHY\/supp1\/esp\/Articulos\/articulo1.5.html(consulta de 21 del 10 de 2005).<\/p>\n\n\n\n<p>Carri\u00f3n G\u00fatiez, A. (Coord.) 2015.&nbsp;<em>Plan Nacional de Arquitectura Defensiva<\/em>. Madrid: Ministerio de Educaci\u00f3n, Cultura y Deporte.<\/p>\n\n\n\n<p>Cobos Guerra, F. 2001. Problem\u00e1tica y metodolog\u00eda espec\u00edfica de estudio e intervenci\u00f3n en fortificaciones.&nbsp;<em>Actas del II Congreso de Castellolog\u00eda Ib\u00e9rica<\/em>&nbsp;(8-11 de noviembre, Teruel), pp. 1007-33. Madrid, Teruel: Asociaci\u00f3n Espa\u00f1ola de Amigos de los Castillos, Diputaci\u00f3n de Teruel.<\/p>\n\n\n\n<p>Cobos Guerra, F. 2005. Los sistemas de fortificaci\u00f3n como patrimonio heredado. En A. C\u00e1mara (Coord.) 2005.&nbsp;<em>Los ingenieros militares de la monarqu\u00eda hisp\u00e1nica en los siglos XVII y XVIII<\/em>. Pp. 271-91. Madrid: Ministerio de Defensa, Asociaci\u00f3n Espa\u00f1ola de Amigos de los Castillos, Centro de Estudios Europa Hisp\u00e1nica.<\/p>\n\n\n\n<p>Cobos-Guerra, F. 2011. El sistema de fortificaciones abaluartadas de la raya hispano portuguesa como patrimonio de la humanidad. Caracterizaci\u00f3n y valoraci\u00f3n del sistema. Estado de la cuesti\u00f3n.&nbsp;<em>Castillos de Espa\u00f1a<\/em>, N\u00ba 164-165-166: 155-66. Madrid.<\/p>\n\n\n\n<p>Cobos Guerra, F. y Castro Fern\u00e1ndez, J. J. de 2005. Los ingenieros, las experiencias y los escenarios de la arquitectura militar espa\u00f1ola en el siglo XVII. En A. C\u00e1mara (Coord.) 2005.&nbsp;<em>Los ingenieros militares de la monarqu\u00eda hisp\u00e1nica en los siglos XVII y XVIII<\/em>. Pp. 71-94. Madrid: Ministerio de Defensa, Asociaci\u00f3n Espa\u00f1ola de Amigos de los Castillos, Centro de Estudios Europa Hisp\u00e1nica.<\/p>\n\n\n\n<p>Cobos, F. y Hoyuela, A. 2005. Metodolog\u00eda de estudio e intervenci\u00f3n del Plan Director de las fortalezas fronterizas del Bajo Mi\u00f1o. En Ruibal, A. (Coord.). 2005.&nbsp;<em>Actas del III Congreso de castellolog\u00eda Ib\u00e9rica&nbsp;<\/em>(28 de octubre-1 de noviembre, Guadalajara), pp. 695-715. Madrid: Asociaci\u00f3n Espa\u00f1ola de Amigos de los Castillos, Diputaci\u00f3n de Guadalajara.<\/p>\n\n\n\n<p>Cobos Guerra, F. y Retuerce Velasco, M. 2011. Metodolog\u00eda, valoraci\u00f3n y criterios de intervenci\u00f3n en la arquitectura fortificada de Castilla y Le\u00f3n. Cat\u00e1logo de las provincias de Le\u00f3n, Salamanca, Valladolid y Zamora. Edici\u00f3n digital. Valladolid: Junta de Castilla y Le\u00f3n, Consejer\u00eda de Cultura e Turismo.<\/p>\n\n\n\n<p>De la Fuente, P. 1998.&nbsp;<em>Les fortificacions reials del Golf de Roses en L\u2019\u00c8poca Moderna<\/em>. Girona: Brau Edicions.<\/p>\n\n\n\n<p>D\u00edaz Capmany, C. 2012. Funcionamiento y estructura de una fortificaci\u00f3n abaluartada. En D\u00eddac Gordillo (Coord.) 2012.&nbsp;<em>Fortificaciones. Intervenciones en el patrimonio defensivo. Actas del XXXIV Curset. Jornadas Internacionales sobre la intervenci\u00f3n en el Patrimonio Arquitect\u00f3nico<\/em>, 205-10. Barcelona: Secretar\u00eda General T\u00e9cnica. Centro de Publicaciones. Ministerio de Educaci\u00f3n, Cultura y Deporte.<\/p>\n\n\n\n<p>Dores Costa, F. 2001. Forma\u00e7\u00e3o da for\u00e7a militar durante a Guerra da Restaura\u00e7\u00e3o.&nbsp;<em>Pen\u00e9lope<\/em>, 24: 87-119.<\/p>\n\n\n\n<p>Duarte de Armas (ca.) 1507. Livro das Fortalezas. Edici\u00f3n Facs\u00edmil 1997. Lisboa: Irapa.<\/p>\n\n\n\n<p>Fern\u00e1ndez de Medrano, S. 1700 (2001 Facs\u00edmil).&nbsp;<em>El Architecto perfecto en el Arte Militar<\/em>. Bruselas: Casa de Lamberto Marchant (Ed. Facs\u00edmil, Valladolid: Editorial MAXTOR).<\/p>\n\n\n\n<p>Fontes, L., Pereira, B., Andrade, F. 2013. Arqueologia urbana en Valen\u00e7a. Metodologias e resultados. J. M. Arnaud, A. Martins, C. Neves (Coord. Ed.).&nbsp;<em>Arqueologia em Portugal \u2013 150 Anos<\/em>. Pp. 89-96. Lisboa: Associa\u00e7\u00e3o de Arque\u00f3logos Portugueses.<\/p>\n\n\n\n<p>Galindo, J. A. 2000. El legado constructivo de los tratados de fortificaci\u00f3n. Siglos XVI-XVIII.&nbsp;<em>Cuadernos de Investigaci\u00f3n<\/em>, 6. Santiago de Cali: Universidad del Valle.<\/p>\n\n\n\n<p>Galindo, J. A. 2002.&nbsp;<em>El conocimiento constructivo de los ingenieros militares del siglo XVIII. Un estudio sobre la formalizaci\u00f3n del saber t\u00e9cnico a trav\u00e9s de los tratados de arquitectura militar<\/em>. Tesis doctoral, marzo 1996.&nbsp;<a href=\"http:\/\/www.tdcat.cesca.es\/TDCat-1014102-085840\/\">http:\/\/www.tdcat.cesca.es\/TDCat-1014102-085840\/<\/a>&nbsp;(Consulta de 27 de junio de 2005).<\/p>\n\n\n\n<p>Garrido Rodr\u00edguez, J. 2001.&nbsp;<em>Fortalezas de la antigua provincia de Tuy<\/em>. Pontevedra: Deputaci\u00f3n Provincial de Pontevedra, Servicio de Publicaciones.<\/p>\n\n\n\n<p>Garrido Rodr\u00edguez, J. 2004.&nbsp;<em>Fortificaciones del r\u00edo Mi\u00f1o<\/em>. Memoria hist\u00f3rica in\u00e9dita realizada durante los trabajos de redacci\u00f3n del Plan Director Fortrans. Vigo.<\/p>\n\n\n\n<p>Gordillo, D. (Coord.)&nbsp;2012.&nbsp;<em>Fortificaciones. Intervenciones en el patrimonio defensivo. Actas del XXXIV Curset. Jornadas Internacionales sobre la intervenci\u00f3n en el Patrimonio Arquitect\u00f3nico<\/em>. Barcelona: Secretar\u00eda General T\u00e9cnica. Centro de Publicaciones. Ministerio de Educaci\u00f3n, Cultura y Deporte.<\/p>\n\n\n\n<p>Hoyuela Jayo, A. 2008. Patrimonio y Paisaje, an\u00e1lisis, ordenaci\u00f3n y gesti\u00f3n del territorio y tecnolog\u00edas cartogr\u00e1ficas digitales. UIMP. En&nbsp;<a href=\"http:\/\/www.terysos.com\/paisaje.htm\">http:\/\/www.terysos.com\/paisaje.htm<\/a>&nbsp;(consulta de 11 de abril de 2012).<\/p>\n\n\n\n<p>L\u2019Encyclop\u00e9die Diderot &amp; D\u2019Alembert. 2002 (facs\u00edlmil).&nbsp;<em>Arts Militaires<\/em>. Paris: Biblioth\u00e8que de l\u2019Image.&nbsp;<\/p>\n\n\n\n<p>L\u2019Encyclop\u00e9die Diderot &amp; D\u2019Alembert. 2002 (facs\u00edlmil).&nbsp;<em>Marine<\/em>.&nbsp;Paris: Biblioth\u00e8que de l\u2019Image.<\/p>\n\n\n\n<p>Le\u00f3n Tello, F. J. y Sanz Sanz, M\u00aa. V. 1994.&nbsp;<em>Est\u00e9tica y teor\u00eda de la arquitectura en los tratados espa\u00f1oles del siglo XVIII<\/em>. Serie Textos Universitarios. Madrid: CSIC.<\/p>\n\n\n\n<p>Lucuze, P. de 1772.&nbsp;<em>Principios de Fortificaci\u00f3n, que contienen las definiciones de los terminos principales de las obras de Plaza, y de Campa\u00f1a, con una idea de la conducta regularmente observada en el Ataque, y Defensa de las Fortalezas<\/em>. Barcelona: Thomas Piferrer.<\/p>\n\n\n\n<p>Mart\u00edn Gonz\u00e1lez, J. J. 1995. Pr\u00f3logo. En Concepci\u00f3n Porras Gil 1995.&nbsp;<em>La organizaci\u00f3n defensiva espa\u00f1ola en los siglos XVI-XVII desde el R\u00edo Eo hasta el Valle de Ar\u00e1n<\/em>: 9-17 Valladolid: Secretariado de Publicaciones, Universidad de Valladolid.<\/p>\n\n\n\n<p>Abelleira M\u00e9ndez, S. 2002. Rande 1702. Arde o mar.&nbsp;Commemorative Exhibition, III Centenary Battle of Rande. Catalogue. Vigo: Museo do Mar de Galicia.<\/p>\n\n\n\n<p>M\u00e9ndez Mart\u00ednez, G. (Com.) 2000.&nbsp;<em>Cartograf\u00eda de Galicia [s. XVI \u00f3 XVII]. Colecci\u00f3n Puertas-Mosquera: Exposici\u00f3n<\/em>. Santiago de Compostela: Universidade, Servicio de Publicaci\u00f3ns e Intercambio Cient\u00edfico.<\/p>\n\n\n\n<p>Morales, A. J. 2001. Arquitectura militar.&nbsp;Un patrimonio entre el olvido y la invenci\u00f3n.&nbsp;<em>Revista PH<\/em>, 36: 197-204.<\/p>\n\n\n\n<p>Navarro Garcia, A. 2012. La frontera fortificada o,\u2026 el paisaje de frontera. En D\u00eddac Gordillo (Coord.) 2012.&nbsp;<em>Fortificaciones. Intervenciones en el patrimonio defensivo. Actas del XXXIV Curset. Jornadas Internacionales sobre la intervenci\u00f3n en el Patrimonio Arquitect\u00f3nico<\/em>, 195-204. Barcelona: Secretar\u00eda General T\u00e9cnica. Centro de Publicaciones. Ministerio de Educaci\u00f3n, Cultura y Deporte.<\/p>\n\n\n\n<p>Parker, G. 2002 [1988 ed. or.].&nbsp;<em>La revoluci\u00f3n militar. Innovaci\u00f3n militar y apogeo de occidente 1500-1800<\/em>. Madrid: Alianza Editorial, S.A.<\/p>\n\n\n\n<p>Porras Gil, C. 1995.&nbsp;<em>La organizaci\u00f3n defensiva espa\u00f1ola en los siglos XVI-XVII desde el R\u00edo Eo hasta el Valle de Ar\u00e1n<\/em>. Valladolid: Secretariado de Publicaciones, Universidad de Valladolid.<\/p>\n\n\n\n<p>Rodr\u00edguez Nuere, B. 2012. Presentaci\u00f3n del Plan Nacional de Arquitectura Defensiva. En Gordillo, D. (Coord.) 2012.&nbsp;<em>Fortificaciones. Intervenciones en el patrimonio defensivo. Actas del XXXIV Curset. Jornadas Internacionales sobre la intervenci\u00f3n en el Patrimonio Arquitect\u00f3nico<\/em>. Pp. 31-39. Barcelona: Secretar\u00eda General T\u00e9cnica. Centro de Publicaciones. Ministerio de Educaci\u00f3n, Cultura y Deporte.<\/p>\n\n\n\n<p>Rodr\u00edguez-Villasante Prieto, J.A. 1984.&nbsp;<em>Historia y tipolog\u00eda arquitect\u00f3nica de las defensas de Galicia. Funcionalidad, forma y ejecuci\u00f3n del dise\u00f1o clasicista<\/em>. A Coru\u00f1a: Edici\u00f3n do Castro.<\/p>\n\n\n\n<p>Rojas, C. 1598 (Ed. Facs\u00edmil 1985).&nbsp;<em>Te\u00f3rica y practica de fortificaci\u00f3n, conforme las medidas y defensas destos tiempos, repartida en tres partes<\/em>. Madrid: Luis S\u00e1nchez (Ed. Fac. Madrid: CEHOPU).<\/p>\n\n\n\n<p>Ruibal Rodr\u00edguez, A. (Ed.) 2011. Ejemplar monogr\u00e1fico de las fortificaciones Galaicas. Castillo de Espa\u00f1a, LVIII (164-165-166). Madrid: AEAC Ediciones.<\/p>\n\n\n\n<p>S\u00e1nchez Rivero, A. y S\u00e1nchez Rivero, A. M. (Eds.) 1933. Viaje de Cosme de M\u00e9dicis por Espa\u00f1a y Portugal (1668-1669). L\u00e1minas. Madrid: Fototipia Hauser y Menet.&nbsp;<a href=\"http:\/\/purl.pt\/index\/geral\/aut\/PT\/193270.html\">http:\/\/purl.pt\/index\/geral\/aut\/PT\/193270.html<\/a>.<\/p>\n\n\n\n<p>Sanz Molina, S. E. 2002.&nbsp;<em>Tres fortificaciones en Nueva Espa\u00f1a: un estudio arquitect\u00f3nico constructivo<\/em>. Tesis doctoral. (<a href=\"http:\/\/dialnet.unirioja.es\/servlet\/tesis?codigo=6571\">http:\/\/dialnet.unirioja.es\/servlet\/tesis?codigo=6571<\/a>, consulta de junio de 2011).<\/p>\n\n\n\n<p>Soraluce Blond, J. R. 1985.&nbsp;<em>Castillos y fortificaciones de Galicia: la arquitectura en los siglos XVI-XVIII<\/em>. La Coru\u00f1a: Fundaci\u00f3n Pedro Barri\u00e9 de la Maza.<\/p>\n\n\n\n<p>Soromenho, M. 1997.&nbsp;O desenho das fortifica\u00e7\u00f5es. Dois manuscritos in\u00e9ditos do engenheiro vianense Manuel Pinto Vilalobos.&nbsp;<em>Cadernos Vianenses<\/em>, 22: 119-132.<\/p>\n\n\n\n<p>Teixeira, P. de 1634 [2002 Facs\u00edmil; Felipe Pereda y Fernando Mar\u00edas (eds.)].&nbsp;<em>Descripci\u00f3n de Espa\u00f1a y de las costas y puertos de sus reinos<\/em>. Hondarribia: Nerea.<\/p>\n\n\n\n<p>Veco\u00f1a, M. (Coord.) 2006.&nbsp;<em>Descubrir a historia. Plan director das fortalezas transfronteirizas do Baixo Mi\u00f1o<\/em>. Santiago de Compostela: Xunta de Galicia, Conseller\u00eda de Cultura e Deporte, Direcci\u00f3n Xeral de Patrimonio.<\/p>\n\n\n\n<p>Vera Boti, A. (2001). La arquitectura militar del Renacimiento a trav\u00e9s de los tratadistas de los Siglos XV Y XVI [Tesis doctoral no publicada]. Universitat Polit\u00e8cnica de Val\u00e8ncia.&nbsp;https:\/\/doi.org\/10.4995\/Thesis\/10251\/7529<\/p>\n\n\n\n<p>Verdera Franco, L. 2005. La evoluci\u00f3n de la artiller\u00eda en los siglos XVII y XVIII. En A. C\u00e1mara (Coord.) 2005<em>. Los ingenieros militares de la monarqu\u00eda hisp\u00e1nica en los siglos XVII y XVIII<\/em>. Pp. 113-129. Madrid: Ministerio de Defensa, Asociaci\u00f3n Espa\u00f1ola de Amigos de los Castillos, Centro de Estudios Europa Hisp\u00e1nica.<\/p>\n\n\n\n<p>Vigo Trasancos, A. 1998. El capit\u00e1n general Pedro Mart\u00edn Cerme\u00f1o (1779-1790) y el Reino de Galicia. Poder, arquitectura y ciudad. SEMATA, Ciencias Sociais e Humanidades, 10: 171-202.<\/p>\n\n\n\n<p>Vigo Trasancos, A. 2006.&nbsp;Barroco e Neocl\u00e1sico na arquitectura galega.&nbsp;En&nbsp;<em>Arte e Cultura de Galicia e norte de Portugal.&nbsp;<\/em><em>Arquitectura<\/em>, Tomo II, pp. 8-56. Vigo: Nova Galicia Edici\u00f3ns.<\/p>\n\n\n\n<p>Vigo Trasancos, A. 2011 (Dir.).&nbsp;<em>Galicia y el siglo XVIII. Planos y dibujos de arquitectura y urbanismo (1701-1800)<\/em>. A Coru\u00f1a: Fundaci\u00f3n Barri\u00e9.<\/p>\n\n\n\n<p>Vigo Trasancos, A. 2012. Los ingenieros de Marina y la arquitectura del Reino de Galicia (1754-1800). En Manuel-Reyes Garc\u00eda Hurtado (Ed.).&nbsp;<em>La Armada espa\u00f1ola en el siglo XVII<\/em>, pp. 67-100. Madrid: Ministerio de Educaci\u00f3n, Cultura y Deporte.<\/p>\n\n\n\n<p>VV.AA. 2008.&nbsp;<em>Catalogaci\u00f3n, Digitalizaci\u00f3n y Valoraci\u00f3n de las Fortalezas Defensivas de la Frontera de Galicia Norte de Portugal<\/em>. CADIVAFOR. Ferrol: CIEFAL, CIS Galicia, E.S. Gallaecia.<\/p>\n\n\n\n<p>White, L. 2003. Guerra y revoluci\u00f3n militar en la Iberia del siglo XVII.&nbsp;Manuscrits, 21: 63-93.<\/p>\n","protected":false},"excerpt":{"rendered":"<p>Aguilera Rojas, J., Pastor Mu\u00f1oz, F. J., Mart\u00edn Alia, M\u00aa A. (Coord. Ed.) 2006.&nbsp;Centinelas de piedra. Fortificaciones en la Comunidad de Madrid. Madrid: Direcci\u00f3n General&#8230;<\/p>\n","protected":false},"author":1,"featured_media":0,"comment_status":"open","ping_status":"closed","template":"","meta":{"footnotes":""},"collection-category":[194],"collection-country":[],"collection-curator":[],"collection-tag":[],"class_list":["post-8249","collection","type-collection","status-publish","hentry","collection-category-bibliografia"],"_links":{"self":[{"href":"https:\/\/fortalezadeocastro.vigo.org\/es\/wp-json\/wp\/v2\/collection\/8249","targetHints":{"allow":["GET"]}}],"collection":[{"href":"https:\/\/fortalezadeocastro.vigo.org\/es\/wp-json\/wp\/v2\/collection"}],"about":[{"href":"https:\/\/fortalezadeocastro.vigo.org\/es\/wp-json\/wp\/v2\/types\/collection"}],"author":[{"embeddable":true,"href":"https:\/\/fortalezadeocastro.vigo.org\/es\/wp-json\/wp\/v2\/users\/1"}],"replies":[{"embeddable":true,"href":"https:\/\/fortalezadeocastro.vigo.org\/es\/wp-json\/wp\/v2\/comments?post=8249"}],"version-history":[{"count":0,"href":"https:\/\/fortalezadeocastro.vigo.org\/es\/wp-json\/wp\/v2\/collection\/8249\/revisions"}],"wp:attachment":[{"href":"https:\/\/fortalezadeocastro.vigo.org\/es\/wp-json\/wp\/v2\/media?parent=8249"}],"wp:term":[{"taxonomy":"collection-category","embeddable":true,"href":"https:\/\/fortalezadeocastro.vigo.org\/es\/wp-json\/wp\/v2\/collection-category?post=8249"},{"taxonomy":"collection-country","embeddable":true,"href":"https:\/\/fortalezadeocastro.vigo.org\/es\/wp-json\/wp\/v2\/collection-country?post=8249"},{"taxonomy":"collection-curator","embeddable":true,"href":"https:\/\/fortalezadeocastro.vigo.org\/es\/wp-json\/wp\/v2\/collection-curator?post=8249"},{"taxonomy":"collection-tag","embeddable":true,"href":"https:\/\/fortalezadeocastro.vigo.org\/es\/wp-json\/wp\/v2\/collection-tag?post=8249"}],"curies":[{"name":"wp","href":"https:\/\/api.w.org\/{rel}","templated":true}]}}