{"id":8247,"date":"2024-06-06T12:02:58","date_gmt":"2024-06-06T10:02:58","guid":{"rendered":"https:\/\/fortalezadeocastro.vigo.org\/?post_type=collection&#038;p=8247"},"modified":"2024-06-06T12:02:59","modified_gmt":"2024-06-06T10:02:59","slug":"bibliografia-xeral","status":"publish","type":"collection","link":"https:\/\/fortalezadeocastro.vigo.org\/es\/collection\/bibliografia-xeral\/","title":{"rendered":"Bibliograf\u00eda xeral"},"content":{"rendered":"\n<p><strong>ABAD GALLEGO<\/strong>, X. C.;<strong>&nbsp;REINOSO MASETI,<\/strong>&nbsp;D. U<\/p>\n\n\n\n<ul class=\"wp-block-list\">\n<li><strong>A cruz dos ca\u00eddos do castro de Vigo.<\/strong>\u00a0Glaucopis, bolet\u00edn del Instituto de Estudios Vigueses, n\u00famero 16, pp. 367-395. Vigo, 2011<\/li>\n<\/ul>\n\n\n\n<p><strong>\u00c1LVAREZ BL\u00c1ZQUEZ,<\/strong>&nbsp;Jos\u00e9 Mar\u00eda<\/p>\n\n\n\n<ul class=\"wp-block-list\">\n<li><strong>La ciudad y los d\u00edas, calendario hist\u00f3rico de Vigo.\u00a0<\/strong>Edici\u00f3ns Monterrey. Vigo, 1960<\/li>\n\n\n\n<li><strong>Cuadros de Vigo en la Edad Media y Vigo en el siglo XIX<\/strong>. En el libro \u201cHistoria de Vigo\u201d. Ed. Caja de Ahorros Municipal de Vigo. Vigo, 1980<\/li>\n\n\n\n<li><strong>Vigo arqueol\u00f3gico<\/strong>. Publicaciones del museo municipal \u201cQui\u00f1ones de Le\u00f3n\u201d, Vigo, n\u00famero 2. Artes gr\u00e1ficas Galicia. Vigo, 1980<\/li>\n<\/ul>\n\n\n\n<p><strong>BOUZA BREY<\/strong>, Ferm\u00edn<\/p>\n\n\n\n<ul class=\"wp-block-list\">\n<li><strong>Copia del \u00abDiario del sitio del Castro de Vigo por los ingleses en 1719\u00bb.<\/strong>\u00a0Cuadernos de Estudios Gallegos, volumen III, pp. 471-474. 1945<\/li>\n<\/ul>\n\n\n\n<p><strong>CARBALLO ARCEO,&nbsp;<\/strong>Xuli<strong>o; LUACES ANCA,&nbsp;<\/strong>Javier<strong>; TOSCANO NOVELLA,&nbsp;<\/strong>Mar\u00eda Cristina<\/p>\n\n\n\n<ul class=\"wp-block-list\">\n<li><strong>Cat\u00e1logo do patrimonio arqueol\u00f3xico. Arqueolox\u00eda de Vigo e a s\u00faa comarca.<\/strong>\u00a0Ed. Conceller\u00eda de Patrimonio Hist\u00f3rico do Concello de Vigo. Colecci\u00f3n Cat\u00e1logos do Patrimonio, n\u00famero 2. Vigo, 1998<\/li>\n<\/ul>\n\n\n\n<p><strong>CEGARRA,<\/strong>&nbsp;Basilio<\/p>\n\n\n\n<ul class=\"wp-block-list\">\n<li><strong>Vigo na historia.<\/strong>\u00a0Edita A Nosa Terra. Vigo, 1998<\/li>\n<\/ul>\n\n\n\n<p><strong>D\u00cdAZ \u00c1LVAREZ<\/strong>, Pedro<\/p>\n\n\n\n<ul class=\"wp-block-list\">\n<li><strong>Castro de Vigo. Singular hallazgo.<\/strong>\u00a0Vigo, 1985<\/li>\n<\/ul>\n\n\n\n<p><strong>ESPINOSA RODR\u00cdGUEZ,&nbsp;<\/strong>Jos\u00e9<\/p>\n\n\n\n<ul class=\"wp-block-list\">\n<li><strong>Tierra de Fragoso<\/strong>.\u00a0<strong>Notas para la historia de Vigo y su comarca<\/strong>. Edi. Talleres del \u201cFaro de Vigo\u201d. Vigo, 1949<\/li>\n<\/ul>\n\n\n\n<p><strong>GARC\u00cdA ORO,<\/strong>&nbsp;Jos\u00e9;<strong>&nbsp;PORTELA SILVA,&nbsp;<\/strong>Mar\u00eda Jos\u00e9<\/p>\n\n\n\n<ul class=\"wp-block-list\">\n<li><strong>Vigo en 1589, gestos y testimonios ante la invasi\u00f3n\u00a0de Francis Drake.\u00a0<\/strong>Pontevedra: revista de estudios provinciais, n. 20. Ed. Diputaci\u00f3n Provincial de Pontevedra. 2004<\/li>\n<\/ul>\n\n\n\n<p><strong>GARRIDO RODR\u00cdGUEZ,&nbsp;<\/strong>Jaime<\/p>\n\n\n\n<ul class=\"wp-block-list\">\n<li><strong>Vigo, la ciudad que se perdi\u00f3. Arquitectura desaparecida. Arquitectura no realizada<\/strong>. Edita Diputaci\u00f3n provincial\u00a0de Pontevedra. 1991<\/li>\n\n\n\n<li><strong>El puerto de Vigo, s\u00edntesis hist\u00f3rica<\/strong>.\u00a0Ed. Autoridad Portuaria de Vigo y Consorcio de la Zona Franca de Vigo, 2001<\/li>\n\n\n\n<li><strong>El origen de Vigo. El monte de O Castro y su castillo<\/strong>. Edita Diputaci\u00f3n de Pontevedra. 2011<\/li>\n\n\n\n<li><strong>Vigo amurallado. Origen y evoluci\u00f3n hist\u00f3rica<\/strong>. Edita Instituto de Estudios Vigueses. 2019<\/li>\n<\/ul>\n\n\n\n<p><strong>GONZ\u00c1LEZ FERN\u00c1NDEZ,&nbsp;<\/strong>Juan Miguel<\/p>\n\n\n\n<ul class=\"wp-block-list\">\n<li><strong>Inventario hist\u00f3rico das ermidas de Vigo e do val do Fragoso<\/strong>. Edita Conceller\u00eda de Patrimonio Hist\u00f3rico do Concello de Vigo. Colecci\u00f3n Datos, n\u00famero 8. 1997<\/li>\n<\/ul>\n\n\n\n<p><strong>GONZ\u00c1LEZ M\u00c9NDEZ<\/strong>, Matilde;&nbsp;<strong>BLANCO-ROTEA<\/strong>, Rebeca<\/p>\n\n\n\n<ul class=\"wp-block-list\">\n<li><strong>Releyendo el pasado: Nuevos resultados de la \u00faltima intervenci\u00f3n arqueol\u00f3gica en el castro de Vigo (Vigo, Pontevedra).\u00a0<\/strong>Revista F\u00e9rvedes, Museo de Vilalba (Lugo), n\u00famero 7, pp. 151-159. 2011<\/li>\n<\/ul>\n\n\n\n<p><strong>GONZ\u00c1LEZ MU\u00d1OZ<\/strong>, Mar\u00eda del Carmen<\/p>\n\n\n\n<ul class=\"wp-block-list\">\n<li><strong>Evoluci\u00f3n demogr\u00e1fica de una villa gallega: Vigo en el siglo XVIII<\/strong>.\u00a0<a href=\"https:\/\/dialnet.unirioja.es\/servlet\/revista?codigo=648\">Hispania: Revista espa\u00f1ola de historia<\/a>,\u00a0<a href=\"https:\/\/dialnet.unirioja.es\/ejemplar\/119356\">Vol. 38, N\u00ba Extra 9, 1978<\/a>,\u00a0p\u00e1gs.\u00a0415-456. Ed.\u00a0Consejo Superior de Investigaciones Cient\u00edficas, Instituto \u00abJer\u00f3nimo Zurita\u00bb. 1979<\/li>\n\n\n\n<li><strong>Vigo y su comarca en los siglos XVI y XVII. En el libro<\/strong>\u00a0\u201cHistoria de Vigo\u201d. Ed Caja de Ahorros Municipal de Vigo. 1980<\/li>\n<\/ul>\n\n\n\n<p><strong>GONZ\u00c1LEZ P\u00c9REZ<\/strong>, Clodio<\/p>\n\n\n\n<ul class=\"wp-block-list\">\n<li><strong>\u00c1vila y la Cueva e a historia de Vigo.<\/strong>\u00a0Editorial Toxosoutos, A Coru\u00f1a, 2003<\/li>\n<\/ul>\n\n\n\n<p><strong>HIDALGO CU\u00d1ARRO<\/strong>, Jos\u00e9 Manuel<\/p>\n\n\n\n<ul class=\"wp-block-list\">\n<li><strong>El Castro de Vigo. Noticia preliminar de las excavaciones arqueol\u00f3gicas de 1981<\/strong>. Publicaciones del Museo Municipal \u201cQui\u00f1ones de Le\u00f3n\u201d (Castrelos).Vigo N\u00famero 5. 1981<\/li>\n\n\n\n<li><strong>Los hallazgos del poblado prerromano de El Castro de Vigo<\/strong>. Revista Ib\u00e9rica, Actualidad Cient\u00edfica, n\u00famero 237. Madrid. pp 380-386. 1982<\/li>\n\n\n\n<li><strong>Excavaciones arqueol\u00f3gicas en el Castro de Vigo<\/strong>. Publicaciones del Museo Municipal \u201cQui\u00f1ones de Le\u00f3n\u201d (Castrelos).Vigo. N\u00famero 6. 1983<\/li>\n\n\n\n<li>\u00a0<strong>El Castro de Vigo y el comercio atl\u00e1ntico romano en el Noroeste Peninsular.\u00a0<\/strong>Revista de Guimaraes, tomo XCIV. Publicaci\u00f3n de la Sociedade Martins Sarmento. Guimaraes. pp 371-388. 1984<\/li>\n\n\n\n<li><strong>Campa\u00f1a de excavaciones en el Castro de Vigo (Pontevedra)<\/strong>.Revista de Arqueolog\u00eda, n\u00famero 33. Madrid. pp 35-36. 1984<\/li>\n\n\n\n<li><strong>Castro de Vigo (Galicia<\/strong>). Arqueolog\u00eda, tomo10. Revista de Estudos Arqueol\u00f3gicos do Porto. pp 143-145, 1984<\/li>\n\n\n\n<li><strong>Castro de Vigo. Campa\u00f1a de 1983<\/strong>. Arqueolog\u00eda\/Memorias. Publicaci\u00f3n del Servicio de Arqueolog\u00eda da Direcci\u00f3n Xeral do Patrimonio Art\u00edsitico e Documental da Conseller\u00eda de Educaci\u00f3n e Cultura da Xunta de Galicia. Santiago de Compostela. 1985<\/li>\n\n\n\n<li><strong>Excavaciones arqueol\u00f3gicas en el Castro de Vigo ( 1981, 1982 y 1983 ).<\/strong>\u00a0Actas del II Coloquio Galaico-Minhoto, volumen II. Santiago de Compostela. pp 229-240. 1985<\/li>\n\n\n\n<li><strong>Protecci\u00f3n, divulgaci\u00f3n e excavaci\u00f3n de un yacimiento arqueol\u00f3gico urbano: el Castro de Vigo (Espa\u00f1a)<\/strong>. Actas do I Encontro Nacional de Arqueolog\u00eda Urbana. Set\u00fabal. pp, 169-176. 1986<\/li>\n\n\n\n<li><strong>El Castro de Vigo. Nueva campa\u00f1a arqueol\u00f3gica<\/strong>. Revista de Arqueolog\u00eda, n\u00famero 64. Madrid. P\u00e1ginas 59-61<\/li>\n\n\n\n<li>\u00a0<strong>Castro de Vigo. Campa\u00f1a de 1987<\/strong>. El Museo de Pontevedra, tomo XLI. Publicaci\u00f3n do Museo Provincial de Pontevedra. pps 145-156. 1987<\/li>\n\n\n\n<li><strong>El castro de Vigo y su niveles de ocupaci\u00f3n<\/strong>. Revista Lucerna, 2\u00aa serie, volumen II. Porto. pp 119-134. 1987<\/li>\n\n\n\n<li>\u00a0<strong>Campa\u00f1as arqueol\u00f3gicas en el castro de Vigo (1981 \u2013 1985).<\/strong>\u00a0Revista de Guimaraes, volumen XCV. Publicaci\u00f3n da Sociedade Martins Sarmento de Guimaraes. pp 97-117. 1987<\/li>\n\n\n\n<li>\u00a0<strong>Materiales arqueol\u00f3gicos del castro de Vigo (Espa\u00f1a)<\/strong>. Set\u00fabal Arqueol\u00f3gica, volumen VIII. Revista do Museo Arqueol\u00f3gico de Set\u00fabal. pp 167-192. 1987<\/li>\n\n\n\n<li>\u00a0<strong>Materiales arqueol\u00f3gicos del castro de Vigo<\/strong>. Lucentum, tomo VI. Publicaci\u00f3n de\u00a0la Universidad de Alicante. pp 123-134.\u00a01987<\/li>\n\n\n\n<li><strong>\u00a0Castro de Vigo (Vigo, Pontevedra). Campa\u00f1a 1987<\/strong>. Arqueolog\u00eda\/Informes, volumen 1,. Publicaci\u00f3n da Direcci\u00f3n Xeral do Patrimonio Hist\u00f3rico e Documental da Conseller\u00eda de Cultura e Xuventude da Xunta de Galicia. pps, 47-49. 1989<\/li>\n\n\n\n<li>\u00a0<strong>La romanizaci\u00f3n del Castro de Vigo: el comercio de importaci\u00f3n de cer\u00e1micas finas romanas.\u00a0<\/strong>Habis, tomo 20. Universidad de Sevilla. pp 279-291. 1989<\/li>\n\n\n\n<li><strong>Castro de Vigo (Vigo, Pontevedra). Campa\u00f1a 1988<\/strong>. Arqueolox\u00eda\/Informes, volumen 2. Publicaci\u00f3n da Direcci\u00f3n Xeral do Patrimonio Hist\u00f3rico e Documental da Conseller\u00eda de Cultura e Xuventude da Xunta de Galicia. pp 47-49. 1991<\/li>\n\n\n\n<li><strong>El Castro de Vigo y sus campa\u00f1as arqueol\u00f3gicas: consideraciones<\/strong>. Actas del XX Congreso Nacional de Arqueolog\u00eda. Zaragoza. Logro\u00f1o. pp 295-305. 1991<\/li>\n<\/ul>\n\n\n\n<p><strong>HIDALGO CU\u00d1ARRO<\/strong>, Jos\u00e9 Manuel,<strong>&nbsp;RODR\u00cdGUEZ SOBR<\/strong>AL, Jos\u00e9 Manuel<strong>; DOM\u00cdN<\/strong>GUEZ<\/p>\n\n\n\n<p>Mar<\/p>\n\n\n\n<ul class=\"wp-block-list\">\n<li>\u00a0<strong>Castro de Vigo<\/strong>. Colecci\u00f3n Rutas Arqueol\u00f3gicas Viguesas. N\u00famero 1.Museo Municipal \u201cQui\u00f1ones de Le\u00f3n\u201d, Vigo. Editorial Obradoiro Gr\u00e1fico, Vigo. 1997<\/li>\n<\/ul>\n\n\n\n<p><strong>HIDALGO CU\u00d1ARRO<\/strong>, Jos\u00e9 Manuel; VI\u00d1AS CU\u00c9, Ricardo<\/p>\n\n\n\n<ul class=\"wp-block-list\">\n<li><strong>Nuevas cer\u00e1micas romanas de importaci\u00f3n del Castro de Vigo<\/strong>.<strong>Campa\u00f1a de 1987.<\/strong>\u00a0Castrelos, tomo 5\/6, 1992-1993. Revista do Museo Municipal Qui\u00f1ones de Le\u00f3n. Vigo. pp 41-70. 1995<\/li>\n\n\n\n<li>\u00a0<strong>Cer\u00e1micas ind\u00edgenas y romanas finas del Castro de Vigo. Campa\u00f1a de 1988<\/strong>. Castrelos, tomo 7\/8, 1994-1995. Revista do Museo Municipal Qui\u00f1ones de Le\u00f3n\u201d. Vigo. pp 97-116. 1996<\/li>\n\n\n\n<li><strong>\u00a0S\u00edntesis final de las excavaciones arqueol\u00f3gicas en el Castro de Vigo (1981-1988): el mundo ind\u00edgena y su contacto con Roma<\/strong>. Actas del XXIV Congreso Nacional de Arqueolog\u00eda, volumen 4. Cartagena, 1997. pps 341-352. 1999<\/li>\n<\/ul>\n\n\n\n<p><strong>IGLESIAS VEIGA<\/strong>, Jos\u00e9 Ram\u00f3n;&nbsp;<strong>ARMERO<\/strong>, Jacobo<\/p>\n\n\n\n<ul class=\"wp-block-list\">\n<li><strong>Antonio Palacios. Plan de extensi\u00f3n e reforma interior da cidade de Vigo.<\/strong>\u00a0Vigo. 2002<\/li>\n<\/ul>\n\n\n\n<p><strong>LEBOREIRO AMARO<\/strong>, Mar\u00eda Asunci\u00f3n<\/p>\n\n\n\n<ul class=\"wp-block-list\">\n<li><strong>Vigo. Puerto y destino. Atlas urban\u00edstico de Vigo.<\/strong>\u00a0Edita Colegio Oficial de Arquitectos de Galicia. Fundavi\u00f3n Provigo. Vigo, 2000<\/li>\n<\/ul>\n\n\n\n<p><strong>LAMAS<\/strong>, Jorge<\/p>\n\n\n\n<ul class=\"wp-block-list\">\n<li><strong>O Vigo que viron os franceses na reconquista.<\/strong>\u00a0Ed. Instituto de Estudios Vigueses, 2021<\/li>\n<\/ul>\n\n\n\n<p><strong>L\u00d3PEZ CUEVILLAS<\/strong>, Florentino<\/p>\n\n\n\n<ul class=\"wp-block-list\">\n<li><strong>Cer\u00e1micas in\u00e9ditas del Castro de Vigo<\/strong>. Cuadernos de Estudios Gallegos, tomo XIII, fasc\u00edculo 39. pps 321-328. 1958<\/li>\n<\/ul>\n\n\n\n<p><strong>L\u00d3PEZ GONZ\u00c1LEZ<\/strong>, Luis Francisco<\/p>\n\n\n\n<ul class=\"wp-block-list\">\n<li><strong>Reescavaci\u00f3n e consolidaci\u00f3n para a revalorizaci\u00f3n do castro de Vigo.\u00a0<\/strong>En Actuacions Arqueol\u00f3xicas, ano 2009. Xunta de Galicia, pp.22-24. 2013<\/li>\n<\/ul>\n\n\n\n<p><strong>LOSADA DIEGUEZ;<\/strong>&nbsp;A.,<strong>L\u00d3PEZ CUEVILLAS,<\/strong>&nbsp;F.<strong>; FILGUEIRA VALVERDE,<\/strong>&nbsp;J.<\/p>\n\n\n\n<ul class=\"wp-block-list\">\n<li><strong>Informe sobre el Castro de Vigo<\/strong>. El Museo de Pontevedra, tomo IX. Revista del Museo Provincial de Pontevedra. pps 46-54. 1955<\/li>\n<\/ul>\n\n\n\n<p><strong>MART\u00cdNEZ GARC\u00cdA<\/strong>, Alejandro<\/p>\n\n\n\n<ul class=\"wp-block-list\">\n<li><strong>Vigo. Da cidade antiga amurallada o casco vello actual<\/strong>. Edita Deputaci\u00f3n de Pontevedra. 2007<\/li>\n<\/ul>\n\n\n\n<p><strong>MEIJIDE PARDO<\/strong>, Antonio<\/p>\n\n\n\n<ul class=\"wp-block-list\">\n<li><strong>La invasi\u00f3n inglesa de Galicia en 1719<\/strong>. Cuadernos de Estudios Gallegos, anejo XVIII. 153 p\u00e1ginas y 9 l\u00e1minas.\u00a0Ed. Instituto Padre Sarmiento de Estudios Gallegos del CSIC. 1970<\/li>\n<\/ul>\n\n\n\n<p><strong>OTERO PEDRAYO<\/strong>, Ram\u00f3n<\/p>\n\n\n\n<ul class=\"wp-block-list\">\n<li><strong>Sintesis Historica do S\u00e9culo XVIII en Galicia<\/strong>. Ed. Galaxia, 1969. Vigo<\/li>\n<\/ul>\n\n\n\n<p><strong>PE\u00d1A SANTOS<\/strong>, Antonio de la;&nbsp;<strong>S\u00c1NCHEZ BARGIELA<\/strong>, Rafael;&nbsp;<strong>GONZ\u00c1LEZ FERN\u00c1NDEZ<\/strong>, Juan Miguel; &nbsp;<strong>RODR\u00cdGUEZ&nbsp;TEIJEIRO<\/strong>, Domingo.<\/p>\n\n\n\n<ul class=\"wp-block-list\">\n<li><strong>Historia de Vigo<\/strong>. Editorial V\u00eda L\u00e1ctea. A Coru\u00f1a, 1999<\/li>\n<\/ul>\n\n\n\n<p><strong>PEREIRO&nbsp;ALONSO<\/strong>, Jos\u00e9 Luis<\/p>\n\n\n\n<ul class=\"wp-block-list\">\n<li><strong>Desarrollo y deterioro de la ciudad de Vigo<\/strong>. Edita Colegio Oficial de Arquitectos de Galicia. Santiago de Compostela.\u00a01981<\/li>\n<\/ul>\n\n\n\n<p><strong>RODR\u00cdGUEZ GONZ\u00c1LEZ<\/strong>, \u00c1ngel<\/p>\n\n\n\n<ul class=\"wp-block-list\">\n<li><strong>Las fortalezas de la mitra compostelana y los \u201cirmandi\u00f1os\u201d<\/strong>. 2 tomos. Edita Fundaci\u00f3n Pedro Barri\u00e9 de la Maza. A Coru\u00f1a, 1984<\/li>\n<\/ul>\n\n\n\n<p><strong>RODR\u00cdGUEZ PUENTES<\/strong>, Eugenio<\/p>\n\n\n\n<ul class=\"wp-block-list\">\n<li><strong>Cer\u00e1mica estampilla del castro de Vigo<\/strong>. Castrelos, tomo 0, homenaxe a Xos\u00e9 Mar\u00eda Alvarez Bl\u00e1zquez. Publicaci\u00f3n do Museo Municipal Qui\u00f1ones de Le\u00f3n.Vigo, pps 115-134. 1987<\/li>\n<\/ul>\n\n\n\n<p><strong>RODR\u00cdGUEZ SEOANE<\/strong>, Mar\u00eda del Carmen;&nbsp;<strong>D\u00cdAZ \u00c1LVAREZ<\/strong>, Pedro<\/p>\n\n\n\n<ul class=\"wp-block-list\">\n<li><strong>Noticias de prehistoria en torno a Vigo y su r\u00eda<\/strong>. Ed. Caja de Ahorros Municipal de Vigo. 1973<\/li>\n<\/ul>\n\n\n\n<p><strong>ROLLAND,<\/strong>&nbsp;Eduardo<\/p>\n\n\n\n<ul class=\"wp-block-list\">\n<li>\u00a0<strong>Reconquista. Vigo en armas<\/strong>. Editorial Xerais, Vigo. 2009<\/li>\n<\/ul>\n\n\n\n<p><strong>SANTIAGO Y G\u00d3MEZ<\/strong>, Jos\u00e9 de<\/p>\n\n\n\n<ul class=\"wp-block-list\">\n<li><strong>Historia de Vigo y su comarca<\/strong>. Imprenta y litograf\u00eda del asilo de hu\u00e9rfanos, Madrid. 1896<\/li>\n<\/ul>\n\n\n\n<p><strong>SORALUCE BLOND,&nbsp;<\/strong>J. Ram\u00f3n<\/p>\n\n\n\n<ul class=\"wp-block-list\">\n<li><strong>Castillos y fortificaciones de Galicia.<\/strong>\u00a0Edita Fundaci\u00f3n Barri\u00e9 de la Maza. A Coru\u00f1a, 1985<\/li>\n<\/ul>\n\n\n\n<p><strong>TABOADA LEAL<\/strong>, Nicol\u00e1s<\/p>\n\n\n\n<ul class=\"wp-block-list\">\n<li><strong>Descripci\u00f3n topogr\u00e1fica-hist\u00f3rica de la ciudad de Vigo, su r\u00eda y alrededores.<\/strong>\u00a0Imprenta de la viuda \u00e9 hijos de Compa\u00f1el.Santiago de Compostela. 1840<\/li>\n<\/ul>\n\n\n\n<p><strong>TABOADA T\u00c1BOAS<\/strong>, Antonio<\/p>\n\n\n\n<ul class=\"wp-block-list\">\n<li><strong>Numism\u00e1tica: Castro de Vigo<\/strong>. Revista Castrelos do museo Municipal \u201cQui\u00f1ones de Le\u00f3n\u201d de Vigo, n\u00famero 12, pp. 169-171. 1999<\/li>\n<\/ul>\n\n\n\n<p><strong>VV.AA<\/strong><\/p>\n\n\n\n<ul class=\"wp-block-list\">\n<li><strong>Vigo en su historia<\/strong>. Edita Caja de Ahorros Municipal de Vigo. Artes Gr\u00e1ficas de Galicia, Vigo, 1980<\/li>\n<\/ul>\n\n\n\n<ul class=\"wp-block-list\">\n<li><strong>Galicia en los siglos XVI y XVII<\/strong>. Ed. Consello Galego de Colexios de Aparelladores e Arquit\u00e9ctos T\u00e9cnicos. Santiago de Compostela, 2003<\/li>\n\n\n\n<li><strong>Galicia y el siglo XVIII. Planos y dibujos de arquitectura y urbanismo (1701-1800)<\/strong>. Ed. Fundaci\u00f3n Barri\u00e9 de la Maza. A Coru\u00f1a, 2011<\/li>\n\n\n\n<li><strong>Breve historia da cidade de Vigo.\u00a0<\/strong>Edita Instituto de Estudios Vigueses. 2021<\/li>\n<\/ul>\n\n\n\n<p><strong>V\u00c1ZQUEZ GIL<\/strong>, Lalo<\/p>\n\n\n\n<ul class=\"wp-block-list\">\n<li><strong>Retrincos da historia de Vigo.<\/strong>\u00a0Gr\u00e1ficas Z\u00e9nit, Vigo, 1987<\/li>\n\n\n\n<li><strong>Historia de Vigo nos seus documentos<\/strong>. Ed. Conceller\u00eda de Cultura, Educaci\u00f3n e Muller do Concello de Vigo. 1999<\/li>\n<\/ul>\n","protected":false},"excerpt":{"rendered":"<p>ABAD GALLEGO, X. C.;&nbsp;REINOSO MASETI,&nbsp;D. U \u00c1LVAREZ BL\u00c1ZQUEZ,&nbsp;Jos\u00e9 Mar\u00eda BOUZA BREY, Ferm\u00edn CARBALLO ARCEO,&nbsp;Xulio; LUACES ANCA,&nbsp;Javier; TOSCANO NOVELLA,&nbsp;Mar\u00eda Cristina CEGARRA,&nbsp;Basilio D\u00cdAZ \u00c1LVAREZ, Pedro ESPINOSA RODR\u00cdGUEZ,&nbsp;Jos\u00e9&#8230;<\/p>\n","protected":false},"author":1,"featured_media":0,"comment_status":"open","ping_status":"closed","template":"","meta":{"footnotes":""},"collection-category":[194],"collection-country":[],"collection-curator":[],"collection-tag":[],"class_list":["post-8247","collection","type-collection","status-publish","hentry","collection-category-bibliografia"],"_links":{"self":[{"href":"https:\/\/fortalezadeocastro.vigo.org\/es\/wp-json\/wp\/v2\/collection\/8247","targetHints":{"allow":["GET"]}}],"collection":[{"href":"https:\/\/fortalezadeocastro.vigo.org\/es\/wp-json\/wp\/v2\/collection"}],"about":[{"href":"https:\/\/fortalezadeocastro.vigo.org\/es\/wp-json\/wp\/v2\/types\/collection"}],"author":[{"embeddable":true,"href":"https:\/\/fortalezadeocastro.vigo.org\/es\/wp-json\/wp\/v2\/users\/1"}],"replies":[{"embeddable":true,"href":"https:\/\/fortalezadeocastro.vigo.org\/es\/wp-json\/wp\/v2\/comments?post=8247"}],"version-history":[{"count":0,"href":"https:\/\/fortalezadeocastro.vigo.org\/es\/wp-json\/wp\/v2\/collection\/8247\/revisions"}],"wp:attachment":[{"href":"https:\/\/fortalezadeocastro.vigo.org\/es\/wp-json\/wp\/v2\/media?parent=8247"}],"wp:term":[{"taxonomy":"collection-category","embeddable":true,"href":"https:\/\/fortalezadeocastro.vigo.org\/es\/wp-json\/wp\/v2\/collection-category?post=8247"},{"taxonomy":"collection-country","embeddable":true,"href":"https:\/\/fortalezadeocastro.vigo.org\/es\/wp-json\/wp\/v2\/collection-country?post=8247"},{"taxonomy":"collection-curator","embeddable":true,"href":"https:\/\/fortalezadeocastro.vigo.org\/es\/wp-json\/wp\/v2\/collection-curator?post=8247"},{"taxonomy":"collection-tag","embeddable":true,"href":"https:\/\/fortalezadeocastro.vigo.org\/es\/wp-json\/wp\/v2\/collection-tag?post=8247"}],"curies":[{"name":"wp","href":"https:\/\/api.w.org\/{rel}","templated":true}]}}