{"id":7978,"date":"2024-06-05T08:18:12","date_gmt":"2024-06-05T06:18:12","guid":{"rendered":"https:\/\/fortalezadeocastro.vigo.org\/?post_type=collection&#038;p=7978"},"modified":"2024-06-05T08:26:44","modified_gmt":"2024-06-05T06:26:44","slug":"plano-da-ria-de-vigo-1787","status":"publish","type":"collection","link":"https:\/\/fortalezadeocastro.vigo.org\/es\/collection\/plano-da-ria-de-vigo-1787\/","title":{"rendered":"Plano da R\u00eda de Vigo. 1787"},"content":{"rendered":"\t\t<div data-elementor-type=\"wp-post\" data-elementor-id=\"7978\" class=\"elementor elementor-7978\">\n\t\t\t\t\t\t<section class=\"elementor-section elementor-top-section elementor-element elementor-element-2acf664f elementor-section-boxed elementor-section-height-default elementor-section-height-default\" data-id=\"2acf664f\" data-element_type=\"section\" data-e-type=\"section\">\n\t\t\t\t\t\t<div class=\"elementor-container elementor-column-gap-default\">\n\t\t\t\t\t<div class=\"elementor-column elementor-col-100 elementor-top-column elementor-element elementor-element-7470c516\" data-id=\"7470c516\" data-element_type=\"column\" data-e-type=\"column\">\n\t\t\t<div class=\"elementor-widget-wrap elementor-element-populated\">\n\t\t\t\t\t\t<div class=\"elementor-element elementor-element-39eaf2eb elementor-widget elementor-widget-text-editor\" data-id=\"39eaf2eb\" data-element_type=\"widget\" data-e-type=\"widget\" data-widget_type=\"text-editor.default\">\n\t\t\t\t<div class=\"elementor-widget-container\">\n\t\t\t\t\t\t\t\t\t\n<ul>\n<li>Instituto Geogr\u00e1fico Nacional. Espa\u00f1a<\/li>\n<\/ul>\n\n\n\n<p>Plano de la R\u00eda de Vigo. 1787. Instituto Geogr\u00e1fico Nacional. Espa\u00f1a<\/p>\n\t\t\t\t\t\t\t\t<\/div>\n\t\t\t\t<\/div>\n\t\t\t\t\t<\/div>\n\t\t<\/div>\n\t\t\t\t\t<\/div>\n\t\t<\/section>\n\t\t\t\t<section class=\"elementor-section elementor-top-section elementor-element elementor-element-68cb8de elementor-section-boxed elementor-section-height-default elementor-section-height-default\" data-id=\"68cb8de\" data-element_type=\"section\" data-e-type=\"section\">\n\t\t\t\t\t\t<div class=\"elementor-container elementor-column-gap-default\">\n\t\t\t\t\t<div class=\"elementor-column elementor-col-100 elementor-top-column elementor-element elementor-element-831e2b9\" data-id=\"831e2b9\" data-element_type=\"column\" data-e-type=\"column\">\n\t\t\t<div class=\"elementor-widget-wrap elementor-element-populated\">\n\t\t\t\t\t\t<div class=\"elementor-element elementor-element-75d7494 elementor-widget elementor-widget-image\" data-id=\"75d7494\" data-element_type=\"widget\" data-e-type=\"widget\" data-widget_type=\"image.default\">\n\t\t\t\t<div class=\"elementor-widget-container\">\n\t\t\t\t\t\t\t\t\t\t\t\t\t\t\t\t<a href=\"https:\/\/fortalezadeocastro.vigo.org\/wp-content\/uploads\/2024\/06\/02-scaled.jpg\" data-elementor-open-lightbox=\"yes\" data-elementor-lightbox-title=\"02\" data-elementor-lightbox-description=\"Plano da R\u00eda de Vigo. 1787. Instituto Geogr\u00e1fico Nacional. Espa\u00f1a\" data-e-action-hash=\"#elementor-action%3Aaction%3Dlightbox%26settings%3DeyJpZCI6Nzk4MCwidXJsIjoiaHR0cHM6XC9cL2ZvcnRhbGV6YWRlb2Nhc3Ryby52aWdvLm9yZ1wvd3AtY29udGVudFwvdXBsb2Fkc1wvMjAyNFwvMDZcLzAyLXNjYWxlZC5qcGcifQ%3D%3D\">\n\t\t\t\t\t\t\t<img fetchpriority=\"high\" decoding=\"async\" width=\"670\" height=\"1024\" src=\"https:\/\/fortalezadeocastro.vigo.org\/wp-content\/uploads\/2024\/06\/02-670x1024.jpg\" class=\"attachment-large size-large wp-image-7980\" alt=\"Plano da R\u00eda de Vigo. 1787. Instituto Geogr\u00e1fico Nacional. Espa\u00f1a\" srcset=\"https:\/\/fortalezadeocastro.vigo.org\/wp-content\/uploads\/2024\/06\/02-670x1024.jpg 670w, https:\/\/fortalezadeocastro.vigo.org\/wp-content\/uploads\/2024\/06\/02-196x300.jpg 196w, https:\/\/fortalezadeocastro.vigo.org\/wp-content\/uploads\/2024\/06\/02-768x1174.jpg 768w, https:\/\/fortalezadeocastro.vigo.org\/wp-content\/uploads\/2024\/06\/02-1005x1536.jpg 1005w, https:\/\/fortalezadeocastro.vigo.org\/wp-content\/uploads\/2024\/06\/02-1339x2048.jpg 1339w, https:\/\/fortalezadeocastro.vigo.org\/wp-content\/uploads\/2024\/06\/02-415x635.jpg 415w, https:\/\/fortalezadeocastro.vigo.org\/wp-content\/uploads\/2024\/06\/02-650x994.jpg 650w, https:\/\/fortalezadeocastro.vigo.org\/wp-content\/uploads\/2024\/06\/02-250x382.jpg 250w, https:\/\/fortalezadeocastro.vigo.org\/wp-content\/uploads\/2024\/06\/02-600x917.jpg 600w, https:\/\/fortalezadeocastro.vigo.org\/wp-content\/uploads\/2024\/06\/02-scaled.jpg 1674w\" sizes=\"(max-width: 670px) 100vw, 670px\" \/>\t\t\t\t\t\t\t\t<\/a>\n\t\t\t\t\t\t\t\t\t\t\t\t\t\t\t<\/div>\n\t\t\t\t<\/div>\n\t\t\t\t\t<\/div>\n\t\t<\/div>\n\t\t\t\t\t<\/div>\n\t\t<\/section>\n\t\t\t\t<\/div>\n\t\t","protected":false},"excerpt":{"rendered":"<p>Instituto Geogr\u00e1fico Nacional. Espa\u00f1a Plano de la R\u00eda de Vigo. 1787. Instituto Geogr\u00e1fico Nacional. Espa\u00f1a<\/p>\n","protected":false},"author":1,"featured_media":7979,"comment_status":"open","ping_status":"closed","template":"","meta":{"footnotes":""},"collection-category":[195],"collection-country":[],"collection-curator":[220],"collection-tag":[209],"class_list":["post-7978","collection","type-collection","status-publish","has-post-thumbnail","hentry","collection-category-planos","collection-curator-instituto-geografico-nacional","collection-tag-xviii"],"_links":{"self":[{"href":"https:\/\/fortalezadeocastro.vigo.org\/es\/wp-json\/wp\/v2\/collection\/7978","targetHints":{"allow":["GET"]}}],"collection":[{"href":"https:\/\/fortalezadeocastro.vigo.org\/es\/wp-json\/wp\/v2\/collection"}],"about":[{"href":"https:\/\/fortalezadeocastro.vigo.org\/es\/wp-json\/wp\/v2\/types\/collection"}],"author":[{"embeddable":true,"href":"https:\/\/fortalezadeocastro.vigo.org\/es\/wp-json\/wp\/v2\/users\/1"}],"replies":[{"embeddable":true,"href":"https:\/\/fortalezadeocastro.vigo.org\/es\/wp-json\/wp\/v2\/comments?post=7978"}],"version-history":[{"count":0,"href":"https:\/\/fortalezadeocastro.vigo.org\/es\/wp-json\/wp\/v2\/collection\/7978\/revisions"}],"wp:featuredmedia":[{"embeddable":true,"href":"https:\/\/fortalezadeocastro.vigo.org\/es\/wp-json\/wp\/v2\/media\/7979"}],"wp:attachment":[{"href":"https:\/\/fortalezadeocastro.vigo.org\/es\/wp-json\/wp\/v2\/media?parent=7978"}],"wp:term":[{"taxonomy":"collection-category","embeddable":true,"href":"https:\/\/fortalezadeocastro.vigo.org\/es\/wp-json\/wp\/v2\/collection-category?post=7978"},{"taxonomy":"collection-country","embeddable":true,"href":"https:\/\/fortalezadeocastro.vigo.org\/es\/wp-json\/wp\/v2\/collection-country?post=7978"},{"taxonomy":"collection-curator","embeddable":true,"href":"https:\/\/fortalezadeocastro.vigo.org\/es\/wp-json\/wp\/v2\/collection-curator?post=7978"},{"taxonomy":"collection-tag","embeddable":true,"href":"https:\/\/fortalezadeocastro.vigo.org\/es\/wp-json\/wp\/v2\/collection-tag?post=7978"}],"curies":[{"name":"wp","href":"https:\/\/api.w.org\/{rel}","templated":true}]}}